{"id":2466,"date":"2026-03-04T00:29:18","date_gmt":"2026-03-04T00:29:18","guid":{"rendered":"https:\/\/assisijourney.org\/?page_id=2466"},"modified":"2026-09-02T18:20:41","modified_gmt":"2026-09-02T18:20:41","slug":"bl-franz-franziska-jaegerstaetter","status":"publish","type":"page","link":"https:\/\/assisijourney.org\/?page_id=2466","title":{"rendered":"Bl.\u00a0Franz\u00a0&amp;\u00a0Franziska\u00a0J\u00e4gerst\u00e4tter"},"content":{"rendered":"\t\t<div data-elementor-type=\"wp-page\" data-elementor-id=\"2466\" class=\"elementor elementor-2466\">\n\t\t\t\t<div class=\"elementor-element elementor-element-9857352 e-flex e-con-boxed e-con e-parent\" data-id=\"9857352\" data-element_type=\"container\" data-e-type=\"container\">\n\t\t\t\t\t<div class=\"e-con-inner\">\n\t\t\t\t<div class=\"elementor-element elementor-element-26261c9 elementor-widget elementor-widget-heading\" data-id=\"26261c9\" data-element_type=\"widget\" data-e-type=\"widget\" data-widget_type=\"heading.default\">\n\t\t\t\t<div class=\"elementor-widget-container\">\n\t\t\t\t\t<h2 class=\"elementor-heading-title elementor-size-default\">Bl. Franz J\u00e4gerst\u00e4tter OFS (1907 - 1943)<\/h2>\t\t\t\t<\/div>\n\t\t\t\t<\/div>\n\t\t\t\t\t<\/div>\n\t\t\t\t<\/div>\n\t\t<div class=\"elementor-element elementor-element-97b8876 e-flex e-con-boxed e-con e-parent\" data-id=\"97b8876\" data-element_type=\"container\" data-e-type=\"container\">\n\t\t\t\t\t<div class=\"e-con-inner\">\n\t\t\t\t<div class=\"elementor-element elementor-element-934f09c elementor-widget__width-initial elementor-widget-mobile__width-initial elementor-widget elementor-widget-text-editor\" data-id=\"934f09c\" data-element_type=\"widget\" data-e-type=\"widget\" data-widget_type=\"text-editor.default\">\n\t\t\t\t<div class=\"elementor-widget-container\">\n\t\t\t\t\t\t\t\t\t<p><strong>A Franciscan Martyr and Advocate for Non-Violence and Peace.<\/strong><\/p><p>We visited the home of Franz J\u00e4gerst\u00e4tter in 2010, 2022 and 2025 with different groups.<\/p><p>Franz and Franziska joined the Secular Franciscan Order in the 1930s.<\/p><p>Read about a\u00a0 Pilgrimage to St. Radegund, May 2025, home of Blessed Franz and Franziska <a href=\"https:\/\/assisijourney.org\/wp-content\/uploads\/2026\/08\/Jagerstatter-Pilgrimage.pdf\">J\u00e4gerst\u00e4tter.<\/a><\/p><p><a href=\"https:\/\/ku-linz.at\/en\/research\/franz_and_franziska_jaegerstaetter_institute\">You can visit here the Franz und Franziska J\u00e4gerst\u00e4tter Institute at the Catholic University at Linz\/ Austria.<\/a><\/p><p><a href=\"https:\/\/assisijourney.org\/wp-content\/uploads\/2026\/08\/Franz_Jagerstatter_Durham.pdf\">Read<\/a> more about very emotional and touching encounters.<\/p>\t\t\t\t\t\t\t\t<\/div>\n\t\t\t\t<\/div>\n\t\t\t\t<div class=\"elementor-element elementor-element-55feacf elementor-widget__width-initial elementor-widget elementor-widget-image\" data-id=\"55feacf\" data-element_type=\"widget\" data-e-type=\"widget\" data-widget_type=\"image.default\">\n\t\t\t\t<div class=\"elementor-widget-container\">\n\t\t\t\t\t\t\t\t\t\t\t\t<figure class=\"wp-caption\">\n\t\t\t\t\t\t\t\t\t\t<img fetchpriority=\"high\" decoding=\"async\" width=\"768\" height=\"1024\" src=\"https:\/\/assisijourney.org\/wp-content\/uploads\/2026\/03\/Franziska-Andre-2-1-768x1024.jpg\" class=\"attachment-large size-large wp-image-2382\" alt=\"\" srcset=\"https:\/\/assisijourney.org\/wp-content\/uploads\/2026\/03\/Franziska-Andre-2-1-768x1024.jpg 768w, https:\/\/assisijourney.org\/wp-content\/uploads\/2026\/03\/Franziska-Andre-2-1-225x300.jpg 225w, https:\/\/assisijourney.org\/wp-content\/uploads\/2026\/03\/Franziska-Andre-2-1-1152x1536.jpg 1152w, https:\/\/assisijourney.org\/wp-content\/uploads\/2026\/03\/Franziska-Andre-2-1-1536x2048.jpg 1536w, https:\/\/assisijourney.org\/wp-content\/uploads\/2026\/03\/Franziska-Andre-2-1-scaled.jpg 1920w\" sizes=\"(max-width: 768px) 100vw, 768px\" \/>\t\t\t\t\t\t\t\t\t\t\t<figcaption class=\"widget-image-caption wp-caption-text\">Andr\u00e9 with Franziska J\u00e4gerst\u00e4tter <\/figcaption>\n\t\t\t\t\t\t\t\t\t\t<\/figure>\n\t\t\t\t\t\t\t\t\t<\/div>\n\t\t\t\t<\/div>\n\t\t\t\t\t<\/div>\n\t\t\t\t<\/div>\n\t\t<div class=\"elementor-element elementor-element-17a1a65 e-flex e-con-boxed e-con e-parent\" data-id=\"17a1a65\" data-element_type=\"container\" data-e-type=\"container\">\n\t\t\t\t\t<div class=\"e-con-inner\">\n\t\t\t\t<div class=\"elementor-element elementor-element-c54ba56 elementor-widget elementor-widget-heading\" data-id=\"c54ba56\" data-element_type=\"widget\" data-e-type=\"widget\" data-widget_type=\"heading.default\">\n\t\t\t\t<div class=\"elementor-widget-container\">\n\t\t\t\t\t<h2 class=\"elementor-heading-title elementor-size-default\">A Holy Couple<\/h2>\t\t\t\t<\/div>\n\t\t\t\t<\/div>\n\t\t\t\t<div class=\"elementor-element elementor-element-9a05b62 elementor-widget__width-initial elementor-widget elementor-widget-image\" data-id=\"9a05b62\" data-element_type=\"widget\" data-e-type=\"widget\" data-widget_type=\"image.default\">\n\t\t\t\t<div class=\"elementor-widget-container\">\n\t\t\t\t\t\t\t\t\t\t\t\t\t\t\t<img decoding=\"async\" width=\"1024\" height=\"789\" src=\"https:\/\/assisijourney.org\/wp-content\/uploads\/2026\/03\/Bildschirmfoto-2025-08-14-um-18.46.36-1-1024x789.png\" class=\"attachment-large size-large wp-image-2745\" alt=\"\" srcset=\"https:\/\/assisijourney.org\/wp-content\/uploads\/2026\/03\/Bildschirmfoto-2025-08-14-um-18.46.36-1-1024x789.png 1024w, https:\/\/assisijourney.org\/wp-content\/uploads\/2026\/03\/Bildschirmfoto-2025-08-14-um-18.46.36-1-300x231.png 300w, https:\/\/assisijourney.org\/wp-content\/uploads\/2026\/03\/Bildschirmfoto-2025-08-14-um-18.46.36-1-768x592.png 768w, https:\/\/assisijourney.org\/wp-content\/uploads\/2026\/03\/Bildschirmfoto-2025-08-14-um-18.46.36-1.png 1220w\" sizes=\"(max-width: 1024px) 100vw, 1024px\" \/>\t\t\t\t\t\t\t\t\t\t\t\t\t\t\t<\/div>\n\t\t\t\t<\/div>\n\t\t\t\t\t<\/div>\n\t\t\t\t<\/div>\n\t\t<div class=\"elementor-element elementor-element-14d30a0 e-flex e-con-boxed e-con e-parent\" data-id=\"14d30a0\" data-element_type=\"container\" data-e-type=\"container\">\n\t\t\t\t\t<div class=\"e-con-inner\">\n\t\t\t\t<div class=\"elementor-element elementor-element-58ec33e elementor-widget__width-initial elementor-widget elementor-widget-text-editor\" data-id=\"58ec33e\" data-element_type=\"widget\" data-e-type=\"widget\" data-widget_type=\"text-editor.default\">\n\t\t\t\t<div class=\"elementor-widget-container\">\n\t\t\t\t\t\t\t\t\t<p class=\"p1\">Franz J\u00e4gerst\u00e4tter was born 1907, an illegitimate child, and was raised by his mother, Rosalia Huber. So, for the first ten years of his life, his surname was Huber. His parents, both being poor, were unable to marry and raise their child. When his grandmother died, he moved into his father\u00b4s parents home, the Bachmeier family. In 1917 his mother married Heinrich J\u00e4gerst\u00e4tter, a farmer in St. Radegund, who then adopted Franz who was given the surname, J\u00e4gerst\u00e4tter. And it was Heinrich\u00b4s father Matthew (+1930), also living on the same farm,\u00a0who possessed a small library, who inspired Franz to love reading.<\/p><p class=\"p1\">In 1927,\u00a0Franz moved across the border to Teising to work on a farm, and in 1930, moved to Eisenerz and became a miner. He used his wages to purchase a motorcycle which stirred up the people of the village because it was the first of its kind in St. Radegund.<\/p><p>When his adoptive father Heinrich died in 1933, he left the farm to Franz. On August 1,1933 Theresia Auer gave birth to a baby girl out of wedlock. But Franz acknowledged Hildegard to be his child, even though the J\u00e4gerst\u00e4tter family never accepted her.<\/p><p>On Holy Thursday 1936, Franz married Franziska Schwanninger (1913\u20132013). Both had previously been thinking of entering a religious congregation, Franz being especially attracted to the Capuchins of Alt\u00f6tting where the new saint, Konrad, was buried. They spent their honeymoon in Rome.\u00a0<\/p><p>Franz and Franziska had three daughters:\u00a0<span style=\"font-style: inherit; font-weight: inherit;\">Rosalia in 1937, Maria in 1938 (+ 2025), and Luise in 1940.<\/span><\/p><p>In addition to being a farmer, Franz was the sacristan of church in St. Radegund. Inspired by his wife Franziska, Franz began to read the Sacred Scriptures, church teachings and religious literature, especially lives of the saints.<\/p><p>And in January 1938, he had a dream of a train. Multitudes of people were entering the train. And a voice said to him: \u201cThis train is bound for hell.\u201d His interpretation was that it was a warning against the encroaching Nazis regime.<\/p><p>Austria was taken over by Nazi-Germany on March 12, 1938. Even though the vote in his village was 100 percent in favor of this union, Franz had voted against it. His fellow-citizens knew this and wanted to protect him. In fact, they wanted him to become mayor, but he refused. Later on, Franz called this takeover the moment when the Austrian Church became imprisoned by the Nazi regime. So, Franz withdrew more and more from public life and refused to financially support the Nazi-party.<\/p><p>On June 17, 1940 he was summoned to join the army. Franz did not ask to be released from military service because he thought it would be sinful. However, the mayor of St. Radegund intervened because of the needs of the family farm, and had him returned.<\/p><p>In October of the same year, he was again called to train as a driver for the military at Enns. On December 8, 1940, also at Enns, he joined the Secular Franciscan Order together with his friend Rudolf Mayr. Again, by an intervention of St. Radegund, he went home to his family in April 1941. His family and farm needed him! When he returned in the summer of 1941, he started to attend daily mass and work as sacristan at St. Radegund.<\/p><p>His decision to become a conscientious objector grew as he experienced the Nazi-program of euthanasia as well as their targeting the Catholic Church. Later on, because of this, his wife was accused of not having challenged him enough.<\/p><p>On February 23, 1943, J\u00e4gerst\u00e4tter was called up again for military service and arrived at Enns March 1. He announced his refusal of military service, and was brought to Linz where he was imprisoned. On May 4, 1943 he was transferred to Berlin-Tegel prison, still adamantly refusing to withdraw his refusal to serve saying: \u201cBetter my hands be bound rather than my will!\u201d<\/p><p>On July 6, 1943 the Reichskriegsgericht sentenced him to death. On August 9, 1943, Franz J\u00e4gerst\u00e4tter was brought to Brandenburg and beheaded. His body was cremated and his cremains put into an urn with his name on it. Franciscan Sisters who cared for the cemetery were able to preserve his ashes. The same Sisters sent the urn back to St. Radegund in 1946.<\/p>\t\t\t\t\t\t\t\t<\/div>\n\t\t\t\t<\/div>\n\t\t\t\t\t<\/div>\n\t\t\t\t<\/div>\n\t\t<div class=\"elementor-element elementor-element-993e1c0 e-flex e-con-boxed e-con e-parent\" data-id=\"993e1c0\" data-element_type=\"container\" data-e-type=\"container\">\n\t\t\t\t\t<div class=\"e-con-inner\">\n\t\t\t\t<div class=\"elementor-element elementor-element-c8cd5b1 elementor-widget elementor-widget-heading\" data-id=\"c8cd5b1\" data-element_type=\"widget\" data-e-type=\"widget\" data-widget_type=\"heading.default\">\n\t\t\t\t<div class=\"elementor-widget-container\">\n\t\t\t\t\t<h2 class=\"elementor-heading-title elementor-size-default\">Visiting St. Radegund and the J\u00e4gerst\u00e4tter Family in 2025<\/h2>\t\t\t\t<\/div>\n\t\t\t\t<\/div>\n\t\t\t\t\t<\/div>\n\t\t\t\t<\/div>\n\t\t<div class=\"elementor-element elementor-element-5bdc6e4 e-flex e-con-boxed e-con e-parent\" data-id=\"5bdc6e4\" data-element_type=\"container\" data-e-type=\"container\">\n\t\t\t\t\t<div class=\"e-con-inner\">\n\t\t\t\t<div class=\"elementor-element elementor-element-7e20e00 elementor-widget elementor-widget-text-editor\" data-id=\"7e20e00\" data-element_type=\"widget\" data-e-type=\"widget\" data-widget_type=\"text-editor.default\">\n\t\t\t\t<div class=\"elementor-widget-container\">\n\t\t\t\t\t\t\t\t\t<p>You can\u00a0 see here the parish church of St. Radegund, Franz and his motorcycle, Josef Raischl speaking with Maria (+2025) and groups of pilgrims, especially Secular Franciscans (local fraternity as well as fraternities in Flagstaff\/ Arizona and New York.<\/p>\t\t\t\t\t\t\t\t<\/div>\n\t\t\t\t<\/div>\n\t\t\t\t<div class=\"elementor-element elementor-element-2f86101 elementor-widget elementor-widget-image-gallery\" data-id=\"2f86101\" data-element_type=\"widget\" data-e-type=\"widget\" data-widget_type=\"image-gallery.default\">\n\t\t\t\t<div class=\"elementor-widget-container\">\n\t\t\t\t\t\t\t<div class=\"elementor-image-gallery\">\n\t\t\t<div id='gallery-1' class='gallery galleryid-2466 gallery-columns-3 gallery-size-medium'><figure class='gallery-item'>\n\t\t\t<div class='gallery-icon landscape'>\n\t\t\t\t<a data-elementor-open-lightbox=\"yes\" data-elementor-lightbox-slideshow=\"2f86101\" data-elementor-lightbox-title=\"asset-9193c2097c16ee5e98ae\" data-e-action-hash=\"#elementor-action%3Aaction%3Dlightbox%26settings%3DeyJpZCI6MjUyOSwidXJsIjoiaHR0cHM6XC9cL2Fzc2lzaWpvdXJuZXkub3JnXC93cC1jb250ZW50XC91cGxvYWRzXC8yMDI2XC8wM1wvYXNzZXQtOTE5M2MyMDk3YzE2ZWU1ZTk4YWUuanBlZyIsInNsaWRlc2hvdyI6IjJmODYxMDEifQ%3D%3D\" href='https:\/\/assisijourney.org\/wp-content\/uploads\/2026\/03\/asset-9193c2097c16ee5e98ae.jpeg'><img decoding=\"async\" width=\"300\" height=\"199\" src=\"https:\/\/assisijourney.org\/wp-content\/uploads\/2026\/03\/asset-9193c2097c16ee5e98ae-300x199.jpeg\" class=\"attachment-medium size-medium\" alt=\"\" srcset=\"https:\/\/assisijourney.org\/wp-content\/uploads\/2026\/03\/asset-9193c2097c16ee5e98ae-300x199.jpeg 300w, https:\/\/assisijourney.org\/wp-content\/uploads\/2026\/03\/asset-9193c2097c16ee5e98ae.jpeg 640w\" sizes=\"(max-width: 300px) 100vw, 300px\" \/><\/a>\n\t\t\t<\/div><\/figure><figure class='gallery-item'>\n\t\t\t<div class='gallery-icon portrait'>\n\t\t\t\t<a data-elementor-open-lightbox=\"yes\" data-elementor-lightbox-slideshow=\"2f86101\" data-elementor-lightbox-title=\"Bildschirmfoto 2025-08-12 um 13.45.08\" data-e-action-hash=\"#elementor-action%3Aaction%3Dlightbox%26settings%3DeyJpZCI6MjUyMCwidXJsIjoiaHR0cHM6XC9cL2Fzc2lzaWpvdXJuZXkub3JnXC93cC1jb250ZW50XC91cGxvYWRzXC8yMDI2XC8wM1wvQmlsZHNjaGlybWZvdG8tMjAyNS0wOC0xMi11bS0xMy40NS4wOC5wbmciLCJzbGlkZXNob3ciOiIyZjg2MTAxIn0%3D\" href='https:\/\/assisijourney.org\/wp-content\/uploads\/2026\/03\/Bildschirmfoto-2025-08-12-um-13.45.08.png'><img loading=\"lazy\" decoding=\"async\" width=\"215\" height=\"300\" src=\"https:\/\/assisijourney.org\/wp-content\/uploads\/2026\/03\/Bildschirmfoto-2025-08-12-um-13.45.08-215x300.png\" class=\"attachment-medium size-medium\" alt=\"\" srcset=\"https:\/\/assisijourney.org\/wp-content\/uploads\/2026\/03\/Bildschirmfoto-2025-08-12-um-13.45.08-215x300.png 215w, https:\/\/assisijourney.org\/wp-content\/uploads\/2026\/03\/Bildschirmfoto-2025-08-12-um-13.45.08.png 716w\" sizes=\"(max-width: 215px) 100vw, 215px\" \/><\/a>\n\t\t\t<\/div><\/figure><figure class='gallery-item'>\n\t\t\t<div class='gallery-icon landscape'>\n\t\t\t\t<a data-elementor-open-lightbox=\"yes\" data-elementor-lightbox-slideshow=\"2f86101\" data-elementor-lightbox-title=\"IMG_3495\" data-e-action-hash=\"#elementor-action%3Aaction%3Dlightbox%26settings%3DeyJpZCI6MjUyNywidXJsIjoiaHR0cHM6XC9cL2Fzc2lzaWpvdXJuZXkub3JnXC93cC1jb250ZW50XC91cGxvYWRzXC8yMDI2XC8wM1wvSU1HXzM0OTUtMS5qcGVnIiwic2xpZGVzaG93IjoiMmY4NjEwMSJ9\" href='https:\/\/assisijourney.org\/wp-content\/uploads\/2026\/03\/IMG_3495-1.jpeg'><img loading=\"lazy\" decoding=\"async\" width=\"300\" height=\"225\" src=\"https:\/\/assisijourney.org\/wp-content\/uploads\/2026\/03\/IMG_3495-1-300x225.jpeg\" class=\"attachment-medium size-medium\" alt=\"\" srcset=\"https:\/\/assisijourney.org\/wp-content\/uploads\/2026\/03\/IMG_3495-1-300x225.jpeg 300w, https:\/\/assisijourney.org\/wp-content\/uploads\/2026\/03\/IMG_3495-1.jpeg 640w\" sizes=\"(max-width: 300px) 100vw, 300px\" \/><\/a>\n\t\t\t<\/div><\/figure><figure class='gallery-item'>\n\t\t\t<div class='gallery-icon portrait'>\n\t\t\t\t<a data-elementor-open-lightbox=\"yes\" data-elementor-lightbox-slideshow=\"2f86101\" data-elementor-lightbox-title=\"IMG_3497\" data-e-action-hash=\"#elementor-action%3Aaction%3Dlightbox%26settings%3DeyJpZCI6MjUyOCwidXJsIjoiaHR0cHM6XC9cL2Fzc2lzaWpvdXJuZXkub3JnXC93cC1jb250ZW50XC91cGxvYWRzXC8yMDI2XC8wM1wvSU1HXzM0OTctcm90YXRlZC5qcGVnIiwic2xpZGVzaG93IjoiMmY4NjEwMSJ9\" href='https:\/\/assisijourney.org\/wp-content\/uploads\/2026\/03\/IMG_3497-rotated.jpeg'><img loading=\"lazy\" decoding=\"async\" width=\"225\" height=\"300\" src=\"https:\/\/assisijourney.org\/wp-content\/uploads\/2026\/03\/IMG_3497-225x300.jpeg\" class=\"attachment-medium size-medium\" alt=\"\" srcset=\"https:\/\/assisijourney.org\/wp-content\/uploads\/2026\/03\/IMG_3497-225x300.jpeg 225w, https:\/\/assisijourney.org\/wp-content\/uploads\/2026\/03\/IMG_3497-rotated.jpeg 480w\" sizes=\"(max-width: 225px) 100vw, 225px\" \/><\/a>\n\t\t\t<\/div><\/figure><figure class='gallery-item'>\n\t\t\t<div class='gallery-icon portrait'>\n\t\t\t\t<a data-elementor-open-lightbox=\"yes\" data-elementor-lightbox-slideshow=\"2f86101\" data-elementor-lightbox-title=\"foto 10\" data-e-action-hash=\"#elementor-action%3Aaction%3Dlightbox%26settings%3DeyJpZCI6MjUyNCwidXJsIjoiaHR0cHM6XC9cL2Fzc2lzaWpvdXJuZXkub3JnXC93cC1jb250ZW50XC91cGxvYWRzXC8yMDI2XC8wM1wvZm90by0xMC1zY2FsZWQuanBlZyIsInNsaWRlc2hvdyI6IjJmODYxMDEifQ%3D%3D\" href='https:\/\/assisijourney.org\/wp-content\/uploads\/2026\/03\/foto-10-scaled.jpeg'><img loading=\"lazy\" decoding=\"async\" width=\"225\" height=\"300\" src=\"https:\/\/assisijourney.org\/wp-content\/uploads\/2026\/03\/foto-10-225x300.jpeg\" class=\"attachment-medium size-medium\" alt=\"\" srcset=\"https:\/\/assisijourney.org\/wp-content\/uploads\/2026\/03\/foto-10-225x300.jpeg 225w, https:\/\/assisijourney.org\/wp-content\/uploads\/2026\/03\/foto-10-768x1024.jpeg 768w, https:\/\/assisijourney.org\/wp-content\/uploads\/2026\/03\/foto-10-1152x1536.jpeg 1152w, https:\/\/assisijourney.org\/wp-content\/uploads\/2026\/03\/foto-10-1536x2048.jpeg 1536w, https:\/\/assisijourney.org\/wp-content\/uploads\/2026\/03\/foto-10-scaled.jpeg 1920w\" sizes=\"(max-width: 225px) 100vw, 225px\" \/><\/a>\n\t\t\t<\/div><\/figure><figure class='gallery-item'>\n\t\t\t<div class='gallery-icon landscape'>\n\t\t\t\t<a data-elementor-open-lightbox=\"yes\" data-elementor-lightbox-slideshow=\"2f86101\" data-elementor-lightbox-title=\"foto 02\" data-e-action-hash=\"#elementor-action%3Aaction%3Dlightbox%26settings%3DeyJpZCI6MjUyMiwidXJsIjoiaHR0cHM6XC9cL2Fzc2lzaWpvdXJuZXkub3JnXC93cC1jb250ZW50XC91cGxvYWRzXC8yMDI2XC8wM1wvZm90by0wMi1zY2FsZWQuanBlZyIsInNsaWRlc2hvdyI6IjJmODYxMDEifQ%3D%3D\" href='https:\/\/assisijourney.org\/wp-content\/uploads\/2026\/03\/foto-02-scaled.jpeg'><img loading=\"lazy\" decoding=\"async\" width=\"300\" height=\"225\" src=\"https:\/\/assisijourney.org\/wp-content\/uploads\/2026\/03\/foto-02-300x225.jpeg\" class=\"attachment-medium size-medium\" alt=\"\" srcset=\"https:\/\/assisijourney.org\/wp-content\/uploads\/2026\/03\/foto-02-300x225.jpeg 300w, https:\/\/assisijourney.org\/wp-content\/uploads\/2026\/03\/foto-02-1024x768.jpeg 1024w, https:\/\/assisijourney.org\/wp-content\/uploads\/2026\/03\/foto-02-768x576.jpeg 768w, https:\/\/assisijourney.org\/wp-content\/uploads\/2026\/03\/foto-02-1536x1152.jpeg 1536w, https:\/\/assisijourney.org\/wp-content\/uploads\/2026\/03\/foto-02-2048x1536.jpeg 2048w\" sizes=\"(max-width: 300px) 100vw, 300px\" \/><\/a>\n\t\t\t<\/div><\/figure><figure class='gallery-item'>\n\t\t\t<div class='gallery-icon landscape'>\n\t\t\t\t<a data-elementor-open-lightbox=\"yes\" data-elementor-lightbox-slideshow=\"2f86101\" data-elementor-lightbox-title=\"foto 07\" data-e-action-hash=\"#elementor-action%3Aaction%3Dlightbox%26settings%3DeyJpZCI6MjUyMywidXJsIjoiaHR0cHM6XC9cL2Fzc2lzaWpvdXJuZXkub3JnXC93cC1jb250ZW50XC91cGxvYWRzXC8yMDI2XC8wM1wvZm90by0wNy1zY2FsZWQuanBlZyIsInNsaWRlc2hvdyI6IjJmODYxMDEifQ%3D%3D\" href='https:\/\/assisijourney.org\/wp-content\/uploads\/2026\/03\/foto-07-scaled.jpeg'><img loading=\"lazy\" decoding=\"async\" width=\"300\" height=\"148\" src=\"https:\/\/assisijourney.org\/wp-content\/uploads\/2026\/03\/foto-07-300x148.jpeg\" class=\"attachment-medium size-medium\" alt=\"\" srcset=\"https:\/\/assisijourney.org\/wp-content\/uploads\/2026\/03\/foto-07-300x148.jpeg 300w, https:\/\/assisijourney.org\/wp-content\/uploads\/2026\/03\/foto-07-1024x504.jpeg 1024w, https:\/\/assisijourney.org\/wp-content\/uploads\/2026\/03\/foto-07-768x378.jpeg 768w, https:\/\/assisijourney.org\/wp-content\/uploads\/2026\/03\/foto-07-1536x756.jpeg 1536w, https:\/\/assisijourney.org\/wp-content\/uploads\/2026\/03\/foto-07-2048x1008.jpeg 2048w\" sizes=\"(max-width: 300px) 100vw, 300px\" \/><\/a>\n\t\t\t<\/div><\/figure><figure class='gallery-item'>\n\t\t\t<div class='gallery-icon landscape'>\n\t\t\t\t<a data-elementor-open-lightbox=\"yes\" data-elementor-lightbox-slideshow=\"2f86101\" data-elementor-lightbox-title=\"IMG_2795\" data-e-action-hash=\"#elementor-action%3Aaction%3Dlightbox%26settings%3DeyJpZCI6MjUyNSwidXJsIjoiaHR0cHM6XC9cL2Fzc2lzaWpvdXJuZXkub3JnXC93cC1jb250ZW50XC91cGxvYWRzXC8yMDI2XC8wM1wvSU1HXzI3OTUtcm90YXRlZC5qcGciLCJzbGlkZXNob3ciOiIyZjg2MTAxIn0%3D\" href='https:\/\/assisijourney.org\/wp-content\/uploads\/2026\/03\/IMG_2795-rotated.jpg'><img loading=\"lazy\" decoding=\"async\" width=\"300\" height=\"225\" src=\"https:\/\/assisijourney.org\/wp-content\/uploads\/2026\/03\/IMG_2795-300x225.jpg\" class=\"attachment-medium size-medium\" alt=\"\" srcset=\"https:\/\/assisijourney.org\/wp-content\/uploads\/2026\/03\/IMG_2795-300x225.jpg 300w, https:\/\/assisijourney.org\/wp-content\/uploads\/2026\/03\/IMG_2795-rotated.jpg 640w\" sizes=\"(max-width: 300px) 100vw, 300px\" \/><\/a>\n\t\t\t<\/div><\/figure>\n\t\t<\/div>\n\t\t<\/div>\n\t\t\t\t\t\t<\/div>\n\t\t\t\t<\/div>\n\t\t\t\t\t<\/div>\n\t\t\t\t<\/div>\n\t\t\t\t<\/div>\n\t\t","protected":false},"excerpt":{"rendered":"<p>Bl. Franz J\u00e4gerst\u00e4tter OFS (1907 &#8211; 1943) A Franciscan Martyr and Advocate for Non-Violence and Peace. We visited the home of Franz J\u00e4gerst\u00e4tter in 2010, 2022 and 2025 with different groups. Franz and Franziska joined the Secular Franciscan Order in the 1930s. Read about a\u00a0 Pilgrimage to St. Radegund, May 2025, home of Blessed Franz [&hellip;]<\/p>\n","protected":false},"author":1,"featured_media":0,"parent":0,"menu_order":0,"comment_status":"closed","ping_status":"closed","template":"elementor_header_footer","meta":{"site-sidebar-layout":"no-sidebar","site-content-layout":"page-builder","ast-site-content-layout":"full-width-container","site-content-style":"default","site-sidebar-style":"default","ast-global-header-display":"","ast-banner-title-visibility":"","ast-main-header-display":"","ast-hfb-above-header-display":"","ast-hfb-below-header-display":"","ast-hfb-mobile-header-display":"","site-post-title":"disabled","ast-breadcrumbs-content":"","ast-featured-img":"disabled","footer-sml-layout":"","ast-disable-related-posts":"","theme-transparent-header-meta":"","adv-header-id-meta":"","stick-header-meta":"","header-above-stick-meta":"","header-main-stick-meta":"","header-below-stick-meta":"","astra-migrate-meta-layouts":"set","ast-page-background-enabled":"default","ast-page-background-meta":{"desktop":{"background-color":"var(--ast-global-color-4)","background-image":"","background-repeat":"repeat","background-position":"center center","background-size":"auto","background-attachment":"scroll","background-type":"","background-media":"","overlay-type":"","overlay-color":"","overlay-opacity":"","overlay-gradient":""},"tablet":{"background-color":"","background-image":"","background-repeat":"repeat","background-position":"center center","background-size":"auto","background-attachment":"scroll","background-type":"","background-media":"","overlay-type":"","overlay-color":"","overlay-opacity":"","overlay-gradient":""},"mobile":{"background-color":"","background-image":"","background-repeat":"repeat","background-position":"center center","background-size":"auto","background-attachment":"scroll","background-type":"","background-media":"","overlay-type":"","overlay-color":"","overlay-opacity":"","overlay-gradient":""}},"ast-content-background-meta":{"desktop":{"background-color":"var(--ast-global-color-5)","background-image":"","background-repeat":"repeat","background-position":"center center","background-size":"auto","background-attachment":"scroll","background-type":"","background-media":"","overlay-type":"","overlay-color":"","overlay-opacity":"","overlay-gradient":""},"tablet":{"background-color":"var(--ast-global-color-5)","background-image":"","background-repeat":"repeat","background-position":"center center","background-size":"auto","background-attachment":"scroll","background-type":"","background-media":"","overlay-type":"","overlay-color":"","overlay-opacity":"","overlay-gradient":""},"mobile":{"background-color":"var(--ast-global-color-5)","background-image":"","background-repeat":"repeat","background-position":"center center","background-size":"auto","background-attachment":"scroll","background-type":"","background-media":"","overlay-type":"","overlay-color":"","overlay-opacity":"","overlay-gradient":""}},"footnotes":""},"class_list":["post-2466","page","type-page","status-publish","hentry"],"_links":{"self":[{"href":"https:\/\/assisijourney.org\/index.php?rest_route=\/wp\/v2\/pages\/2466","targetHints":{"allow":["GET"]}}],"collection":[{"href":"https:\/\/assisijourney.org\/index.php?rest_route=\/wp\/v2\/pages"}],"about":[{"href":"https:\/\/assisijourney.org\/index.php?rest_route=\/wp\/v2\/types\/page"}],"author":[{"embeddable":true,"href":"https:\/\/assisijourney.org\/index.php?rest_route=\/wp\/v2\/users\/1"}],"replies":[{"embeddable":true,"href":"https:\/\/assisijourney.org\/index.php?rest_route=%2Fwp%2Fv2%2Fcomments&post=2466"}],"version-history":[{"count":136,"href":"https:\/\/assisijourney.org\/index.php?rest_route=\/wp\/v2\/pages\/2466\/revisions"}],"predecessor-version":[{"id":5405,"href":"https:\/\/assisijourney.org\/index.php?rest_route=\/wp\/v2\/pages\/2466\/revisions\/5405"}],"wp:attachment":[{"href":"https:\/\/assisijourney.org\/index.php?rest_route=%2Fwp%2Fv2%2Fmedia&parent=2466"}],"curies":[{"name":"wp","href":"https:\/\/api.w.org\/{rel}","templated":true}]}}